{"id":2,"date":"2013-04-29T10:59:34","date_gmt":"2013-04-29T08:59:34","guid":{"rendered":"http:\/\/www.nxs-projekte.de.nexus3.virtualhosts.de\/vogliovelo\/?page_id=2"},"modified":"2026-03-31T10:06:45","modified_gmt":"2026-03-31T08:06:45","slug":"beispiel-seite","status":"publish","type":"page","link":"https:\/\/www.vogliovelo.de\/","title":{"rendered":""},"content":{"rendered":"<div class=\"\" data-block=\"true\" data-editor=\"4j54o\" data-offset-key=\"em8b1-0-0\">\n<div data-offset-key=\"em8b1-0-0\"><\/div>\n<\/div>\n<p><strong>\u00a0Das Atelier w\u00fcnscht sch\u00f6ne Ostertage, am 02.04 &amp; 07.04 bleibt das Atelier geschlossen.<\/strong><\/p>\n<p style=\"text-align: center;\"><em><strong>Willkommen im FahrradAtelier Waldeck\u00b4s VoglioVelo<\/strong><\/em><\/p>\n<p style=\"text-align: center;\"><em>Keine Erfindung des Menschen bildet seine Muskelkraft so vollkommen und effizient ab,\u00a0wie es das Velo macht.<\/em><\/p>\n<p style=\"text-align: center;\">Nach diesem philosophisch betrachteten Nucleus menschlicher Leistungsf\u00e4higkeit hat sich das Atelier auf den handwerklich hochwertig ausgef\u00fchrten Bau, sowie auf die\u00a0 Wartung effizienter und innovativer Velos spezialisiert.<\/p>\n<p style=\"text-align: center;\">Es werden\u00a0 <em><strong>a u s s c h l i e \u00df l i c h\u00a0\u00a0<\/strong><\/em>Velos gebaut &amp; gewartet, welche einzig und allein durch die von seinem Nutzer generierte\u00a0 <em><strong>M u s k e l -K r a f t \u00a0<\/strong><\/em>angetrieben werden.<\/p>\n<p style=\"text-align: center;\"><em><strong>Wenn Sie sich einen ersten Eindruck \u00fcber die fachlichen wie handwerklichen Qualit\u00e4ten verschaffen m\u00f6chten,<\/strong><\/em> <a href=\"https:\/\/www.vogliovelo.de\/?page_id=396\">klicken Sie hier<\/a>.<\/p>\n<p style=\"text-align: center;\">In der Ausstellung finden Sie im Atelier gebaute Einzelst\u00fccke, welche stets aktuelle sowie Sinn stiftende Erscheinungen der Velo-Technik aufgreifen.<\/p>\n<p style=\"text-align: center;\"><em><strong>Gem\u00e4\u00df des Atelier-Stil\u00b4s wird Ihr neues Velo nach einer ausf\u00fchrlichen und facettenreichen Beratung erdacht, geplant &amp; gebaut.\u00a0<\/strong><\/em><\/p>\n<p style=\"text-align: center;\">Das Atelier bietet folgende Leasing Optionen an :<\/p>\n<p style=\"text-align: center;\">\u00a0 JobRad &#8211; BusinessBike &#8211; Lease.a.Bike<\/p>\n<p style=\"text-align: center;\">\u00a0 \u00a0 MeinDienstrad &#8211; Eurorad &#8211; DeutscheDienstrad<\/p>\n<p>\u00a0 \u00a0 \u00a0 \u00a0 \u00a0 \u00a0 \u00a0 \u00a0 \u00a0 \u00a0 \u00a0 \u00a0 \u00a0 \u00a0 \u00a0 \u00a0 \u00a0BikeLeasing.de &#8211; Eleasa &#8211; CompanyBike<\/p>\n<p>&nbsp;<\/p>\n<p style=\"text-align: center;\">Waldeck\u00b4s VoglioVelo<\/p>\n<p style=\"text-align: center;\">The new art of velotism ***** L`arte nuova nell velotism<\/p>\n","protected":false},"excerpt":{"rendered":"<p>\u00a0Das Atelier w\u00fcnscht sch\u00f6ne Ostertage, am 02.04 &amp; 07.04 bleibt das Atelier geschlossen. Willkommen im FahrradAtelier Waldeck\u00b4s VoglioVelo Keine Erfindung des Menschen bildet seine Muskelkraft so vollkommen und effizient ab,\u00a0wie es das Velo macht. Nach diesem philosophisch betrachteten Nucleus menschlicher Leistungsf\u00e4higkeit hat sich das Atelier auf den handwerklich hochwertig ausgef\u00fchrten Bau, sowie auf die\u00a0 Wartung &hellip; <a href=\"https:\/\/www.vogliovelo.de\/\" class=\"more-link\"><span class=\"screen-reader-text\"><\/span> weiterlesen <span class=\"meta-nav\">&rarr;<\/span><\/a><\/p>\n","protected":false},"author":2,"featured_media":0,"parent":0,"menu_order":0,"comment_status":"open","ping_status":"closed","template":"page-templates\/full-width.php","meta":{"footnotes":""},"class_list":["post-2","page","type-page","status-publish","hentry"],"_links":{"self":[{"href":"https:\/\/www.vogliovelo.de\/index.php?rest_route=\/wp\/v2\/pages\/2","targetHints":{"allow":["GET"]}}],"collection":[{"href":"https:\/\/www.vogliovelo.de\/index.php?rest_route=\/wp\/v2\/pages"}],"about":[{"href":"https:\/\/www.vogliovelo.de\/index.php?rest_route=\/wp\/v2\/types\/page"}],"author":[{"embeddable":true,"href":"https:\/\/www.vogliovelo.de\/index.php?rest_route=\/wp\/v2\/users\/2"}],"replies":[{"embeddable":true,"href":"https:\/\/www.vogliovelo.de\/index.php?rest_route=%2Fwp%2Fv2%2Fcomments&post=2"}],"version-history":[{"count":191,"href":"https:\/\/www.vogliovelo.de\/index.php?rest_route=\/wp\/v2\/pages\/2\/revisions"}],"predecessor-version":[{"id":2914,"href":"https:\/\/www.vogliovelo.de\/index.php?rest_route=\/wp\/v2\/pages\/2\/revisions\/2914"}],"wp:attachment":[{"href":"https:\/\/www.vogliovelo.de\/index.php?rest_route=%2Fwp%2Fv2%2Fmedia&parent=2"}],"curies":[{"name":"wp","href":"https:\/\/api.w.org\/{rel}","templated":true}]}}